{"id":8,"date":"2024-05-10T11:37:56","date_gmt":"2024-05-10T09:37:56","guid":{"rendered":"https:\/\/2024.die-brille-trier.de\/?page_id=8"},"modified":"2024-05-13T17:03:12","modified_gmt":"2024-05-13T15:03:12","slug":"startseite","status":"publish","type":"page","link":"https:\/\/2024.die-brille-trier.de\/","title":{"rendered":"Startseite"},"content":{"rendered":"\n<section class=\"wp-block-group alignfull is-layout-constrained wp-block-group-is-layout-constrained\" id=\"Hero\">\n<div class=\"wp-block-group alignfull em-slider is-layout-flow wp-block-group-is-layout-flow\">\n<div class=\"wp-block-group alignfull em-slider-slides is-vertical is-layout-flex wp-container-core-group-is-layout-fe9cc265 wp-block-group-is-layout-flex\" style=\"min-height:vh\">\n<div class=\"wp-block-group alignfull em-slide is-layout-flow wp-block-group-is-layout-flow\" style=\"min-height:px\">\n<div class=\"wp-block-cover has-custom-content-position is-position-bottom-center has-neutralhell-color has-text-color has-link-color wp-elements-fa1c47d13936ab178fd8cb3c1b990197\" style=\"padding-top:var(--wp--preset--spacing--60);padding-right:var(--wp--preset--spacing--40);padding-bottom:var(--wp--preset--spacing--60);padding-left:var(--wp--preset--spacing--40)\"><span aria-hidden=\"true\" class=\"wp-block-cover__background has-primarydunkel-background-color has-background-dim-20 has-background-dim\"><\/span><img loading=\"lazy\" decoding=\"async\" width=\"2000\" height=\"1333\" class=\"wp-block-cover__image-background wp-image-34\" alt=\"\" src=\"https:\/\/2024.die-brille-trier.de\/wp-content\/uploads\/2024\/05\/Home-Hero-Slide-1___sw.jpg\" style=\"object-position:48% 32%\" data-object-fit=\"cover\" data-object-position=\"48% 32%\" srcset=\"https:\/\/2024.die-brille-trier.de\/wp-content\/uploads\/2024\/05\/Home-Hero-Slide-1___sw.jpg 2000w, https:\/\/2024.die-brille-trier.de\/wp-content\/uploads\/2024\/05\/Home-Hero-Slide-1___sw-300x200.jpg 300w, https:\/\/2024.die-brille-trier.de\/wp-content\/uploads\/2024\/05\/Home-Hero-Slide-1___sw-1024x682.jpg 1024w, https:\/\/2024.die-brille-trier.de\/wp-content\/uploads\/2024\/05\/Home-Hero-Slide-1___sw-768x512.jpg 768w, https:\/\/2024.die-brille-trier.de\/wp-content\/uploads\/2024\/05\/Home-Hero-Slide-1___sw-1536x1024.jpg 1536w\" sizes=\"auto, (max-width: 2000px) 100vw, 2000px\" \/><div class=\"wp-block-cover__inner-container is-layout-flow wp-block-cover-is-layout-flow\">\n<div class=\"wp-block-group is-layout-constrained wp-block-group-is-layout-constrained\">\n<div class=\"wp-block-columns is-layout-flex wp-container-core-columns-is-layout-28f84493 wp-block-columns-is-layout-flex em-grid\">\n<div class=\" colspan-xl-3 colspan-lg-3 colspan-md-3 colspan-sm-6 wp-block-column is-layout-flow wp-block-column-is-layout-flow \" style=\"flex-basis:25%\">\n<figure class=\"wp-block-image size-large wp-duotone-duotone-fuenf\"><img loading=\"lazy\" decoding=\"async\" width=\"1024\" height=\"84\" src=\"https:\/\/2024.die-brille-trier.de\/wp-content\/uploads\/2024\/05\/logo-horizontal-1024x84.png\" alt=\"\" class=\"wp-image-35\" srcset=\"https:\/\/2024.die-brille-trier.de\/wp-content\/uploads\/2024\/05\/logo-horizontal-1024x84.png 1024w, https:\/\/2024.die-brille-trier.de\/wp-content\/uploads\/2024\/05\/logo-horizontal-300x25.png 300w, https:\/\/2024.die-brille-trier.de\/wp-content\/uploads\/2024\/05\/logo-horizontal-768x63.png 768w, https:\/\/2024.die-brille-trier.de\/wp-content\/uploads\/2024\/05\/logo-horizontal-1536x126.png 1536w, https:\/\/2024.die-brille-trier.de\/wp-content\/uploads\/2024\/05\/logo-horizontal-2048x168.png 2048w\" sizes=\"auto, (max-width: 1024px) 100vw, 1024px\" \/><\/figure>\n<\/div>\n\n\n\n<div class=\" colspan-xl-12 colspan-lg-12 colspan-md-12 colspan-sm-12 wp-block-column is-layout-flow wp-block-column-is-layout-flow \" style=\"flex-basis:25%\">\n<p class=\"has-text-align-left has-xxx-large-font-size\" style=\"font-style:normal;font-weight:700;line-height:1;text-transform:uppercase\">Die Brille macht den Unterschied<\/p>\n<\/div>\n\n\n\n<div class=\" colspan-xl-12 colspan-lg-12 colspan-md-12 colspan-sm-12 wp-block-column is-layout-flow wp-block-column-is-layout-flow \" style=\"flex-basis:25%\">\n<p>Wir garantieren optimales Sehen bei allen von uns vermessenen und gefertigten Brillen<\/p>\n<\/div>\n\n\n\n<div class=\" colspan-xl-12 colspan-lg-12 colspan-md-12 colspan-sm-12 wp-block-column is-layout-flow wp-block-column-is-layout-flow \" style=\"flex-basis:25%\">\n<div class=\"wp-block-buttons is-layout-flex wp-block-buttons-is-layout-flex\">\n<div class=\"wp-block-button\" style=\"font-style:normal;font-weight:700\"><a class=\"wp-block-button__link has-primarydunkel-color has-secondary-background-color has-text-color has-background has-link-color wp-element-button\">Lernen Sie uns kennen<\/a><\/div>\n<\/div>\n<\/div>\n<\/div>\n<\/div>\n<\/div><\/div>\n<\/div>\n\n\n\n<div class=\"wp-block-group alignfull em-slide is-layout-flow wp-block-group-is-layout-flow\">\n<div class=\"wp-block-cover is-light has-custom-content-position is-position-bottom-center has-neutralhell-color has-text-color has-link-color wp-elements-592613da45c7291bea902340819c5415\" style=\"padding-top:var(--wp--preset--spacing--60);padding-right:var(--wp--preset--spacing--40);padding-bottom:var(--wp--preset--spacing--60);padding-left:var(--wp--preset--spacing--40)\"><span aria-hidden=\"true\" class=\"wp-block-cover__background has-primarydunkel-background-color has-background-dim-20 has-background-dim\"><\/span><img loading=\"lazy\" decoding=\"async\" width=\"2560\" height=\"1707\" class=\"wp-block-cover__image-background wp-image-41\" alt=\"\" src=\"https:\/\/2024.die-brille-trier.de\/wp-content\/uploads\/2024\/05\/DieBrille_IMG_4538_Seh_Check_ensch-media-1-scaled-1.jpg\" data-object-fit=\"cover\" srcset=\"https:\/\/2024.die-brille-trier.de\/wp-content\/uploads\/2024\/05\/DieBrille_IMG_4538_Seh_Check_ensch-media-1-scaled-1.jpg 2560w, https:\/\/2024.die-brille-trier.de\/wp-content\/uploads\/2024\/05\/DieBrille_IMG_4538_Seh_Check_ensch-media-1-scaled-1-300x200.jpg 300w, https:\/\/2024.die-brille-trier.de\/wp-content\/uploads\/2024\/05\/DieBrille_IMG_4538_Seh_Check_ensch-media-1-scaled-1-1024x683.jpg 1024w, https:\/\/2024.die-brille-trier.de\/wp-content\/uploads\/2024\/05\/DieBrille_IMG_4538_Seh_Check_ensch-media-1-scaled-1-768x512.jpg 768w, https:\/\/2024.die-brille-trier.de\/wp-content\/uploads\/2024\/05\/DieBrille_IMG_4538_Seh_Check_ensch-media-1-scaled-1-1536x1024.jpg 1536w, https:\/\/2024.die-brille-trier.de\/wp-content\/uploads\/2024\/05\/DieBrille_IMG_4538_Seh_Check_ensch-media-1-scaled-1-2048x1366.jpg 2048w\" sizes=\"auto, (max-width: 2560px) 100vw, 2560px\" \/><div class=\"wp-block-cover__inner-container is-layout-flow wp-block-cover-is-layout-flow\">\n<div class=\"wp-block-group is-layout-constrained wp-block-group-is-layout-constrained\">\n<div class=\"wp-block-columns is-layout-flex wp-container-core-columns-is-layout-28f84493 wp-block-columns-is-layout-flex em-grid\">\n<div class=\" colspan-xl-3 colspan-lg-3 colspan-md-3 colspan-sm-6 wp-block-column is-layout-flow wp-block-column-is-layout-flow \" style=\"flex-basis:25%\">\n<figure class=\"wp-block-image size-large wp-duotone-duotone-fuenf\"><img loading=\"lazy\" decoding=\"async\" width=\"1024\" height=\"84\" src=\"https:\/\/2024.die-brille-trier.de\/wp-content\/uploads\/2024\/05\/logo-horizontal-1024x84.png\" alt=\"\" class=\"wp-image-35\" srcset=\"https:\/\/2024.die-brille-trier.de\/wp-content\/uploads\/2024\/05\/logo-horizontal-1024x84.png 1024w, https:\/\/2024.die-brille-trier.de\/wp-content\/uploads\/2024\/05\/logo-horizontal-300x25.png 300w, https:\/\/2024.die-brille-trier.de\/wp-content\/uploads\/2024\/05\/logo-horizontal-768x63.png 768w, https:\/\/2024.die-brille-trier.de\/wp-content\/uploads\/2024\/05\/logo-horizontal-1536x126.png 1536w, https:\/\/2024.die-brille-trier.de\/wp-content\/uploads\/2024\/05\/logo-horizontal-2048x168.png 2048w\" sizes=\"auto, (max-width: 1024px) 100vw, 1024px\" \/><\/figure>\n<\/div>\n\n\n\n<div class=\" colspan-xl-12 colspan-lg-12 colspan-md-12 colspan-sm-12 wp-block-column is-layout-flow wp-block-column-is-layout-flow \" style=\"flex-basis:25%\">\n<p class=\"has-text-align-left has-xxx-large-font-size\" style=\"font-style:normal;font-weight:700;line-height:1;text-transform:uppercase\">Ihr Sehspezialist in trier<\/p>\n<\/div>\n\n\n\n<div class=\" colspan-xl-12 colspan-lg-12 colspan-md-12 colspan-sm-12 wp-block-column is-layout-flow wp-block-column-is-layout-flow \" style=\"flex-basis:25%\">\n<p>Mit einer einzigartigen Kombination von innovativen Mess-Ger\u00e4ten und professioneller Seh-Analyse ermitteln wir Ihr individuelles Sehprofil. Dabei setzen wir auf die bew\u00e4hrte Technologien der Firma ZEISS, dem starken Partner an unserer Seite.<\/p>\n<\/div>\n\n\n\n<div class=\" colspan-xl-12 colspan-lg-12 colspan-md-12 colspan-sm-12 wp-block-column is-layout-flow wp-block-column-is-layout-flow \" style=\"flex-basis:25%\">\n<div class=\"wp-block-buttons is-layout-flex wp-container-core-buttons-is-layout-168ce233 wp-block-buttons-is-layout-flex\">\n<div class=\"wp-block-button\" style=\"font-style:normal;font-weight:700;line-height:1\"><a class=\"wp-block-button__link has-primarydunkel-color has-secondary-background-color has-text-color has-background has-link-color wp-element-button\">Mehr erfahren<\/a><\/div>\n<\/div>\n<\/div>\n<\/div>\n<\/div>\n<\/div><\/div>\n<\/div>\n\n\n\n<div class=\"wp-block-group alignfull em-slide is-layout-flow wp-block-group-is-layout-flow\">\n<div class=\"wp-block-cover has-custom-content-position is-position-bottom-center has-neutralhell-color has-text-color has-link-color wp-elements-e56082d840decc9e468376aebebf1dce wp-duotone-duotone-sechs\" style=\"padding-top:var(--wp--preset--spacing--60);padding-right:var(--wp--preset--spacing--40);padding-bottom:var(--wp--preset--spacing--60);padding-left:var(--wp--preset--spacing--40)\"><span aria-hidden=\"true\" class=\"wp-block-cover__background has-primarydunkel-background-color has-background-dim-30 has-background-dim\"><\/span><img loading=\"lazy\" decoding=\"async\" width=\"1707\" height=\"2560\" class=\"wp-block-cover__image-background wp-image-42\" alt=\"\" src=\"https:\/\/2024.die-brille-trier.de\/wp-content\/uploads\/2024\/05\/die-brille-trier-geschaeft-innen-wand-mit-spiegel-schrank-2000x3000-1-scaled-1.jpg\" data-object-fit=\"cover\" srcset=\"https:\/\/2024.die-brille-trier.de\/wp-content\/uploads\/2024\/05\/die-brille-trier-geschaeft-innen-wand-mit-spiegel-schrank-2000x3000-1-scaled-1.jpg 1707w, https:\/\/2024.die-brille-trier.de\/wp-content\/uploads\/2024\/05\/die-brille-trier-geschaeft-innen-wand-mit-spiegel-schrank-2000x3000-1-scaled-1-200x300.jpg 200w, https:\/\/2024.die-brille-trier.de\/wp-content\/uploads\/2024\/05\/die-brille-trier-geschaeft-innen-wand-mit-spiegel-schrank-2000x3000-1-scaled-1-683x1024.jpg 683w, https:\/\/2024.die-brille-trier.de\/wp-content\/uploads\/2024\/05\/die-brille-trier-geschaeft-innen-wand-mit-spiegel-schrank-2000x3000-1-scaled-1-768x1152.jpg 768w, https:\/\/2024.die-brille-trier.de\/wp-content\/uploads\/2024\/05\/die-brille-trier-geschaeft-innen-wand-mit-spiegel-schrank-2000x3000-1-scaled-1-1024x1536.jpg 1024w, https:\/\/2024.die-brille-trier.de\/wp-content\/uploads\/2024\/05\/die-brille-trier-geschaeft-innen-wand-mit-spiegel-schrank-2000x3000-1-scaled-1-1366x2048.jpg 1366w\" sizes=\"auto, (max-width: 1707px) 100vw, 1707px\" \/><div class=\"wp-block-cover__inner-container is-layout-flow wp-block-cover-is-layout-flow\">\n<div class=\"wp-block-group is-layout-constrained wp-block-group-is-layout-constrained\">\n<div class=\"wp-block-columns is-layout-flex wp-container-core-columns-is-layout-28f84493 wp-block-columns-is-layout-flex em-grid\">\n<div class=\" colspan-xl-3 colspan-lg-3 colspan-md-3 colspan-sm-6 wp-block-column is-layout-flow wp-block-column-is-layout-flow \" style=\"flex-basis:25%\">\n<figure class=\"wp-block-image size-large wp-duotone-duotone-fuenf\"><img loading=\"lazy\" decoding=\"async\" width=\"1024\" height=\"84\" src=\"https:\/\/2024.die-brille-trier.de\/wp-content\/uploads\/2024\/05\/logo-horizontal-1024x84.png\" alt=\"\" class=\"wp-image-35\" srcset=\"https:\/\/2024.die-brille-trier.de\/wp-content\/uploads\/2024\/05\/logo-horizontal-1024x84.png 1024w, https:\/\/2024.die-brille-trier.de\/wp-content\/uploads\/2024\/05\/logo-horizontal-300x25.png 300w, https:\/\/2024.die-brille-trier.de\/wp-content\/uploads\/2024\/05\/logo-horizontal-768x63.png 768w, https:\/\/2024.die-brille-trier.de\/wp-content\/uploads\/2024\/05\/logo-horizontal-1536x126.png 1536w, https:\/\/2024.die-brille-trier.de\/wp-content\/uploads\/2024\/05\/logo-horizontal-2048x168.png 2048w\" sizes=\"auto, (max-width: 1024px) 100vw, 1024px\" \/><\/figure>\n<\/div>\n\n\n\n<div class=\" colspan-xl-12 colspan-lg-12 colspan-md-12 colspan-sm-12 wp-block-column is-layout-flow wp-block-column-is-layout-flow \" style=\"flex-basis:25%\">\n<p class=\"has-text-align-left has-xxx-large-font-size\" style=\"font-style:normal;font-weight:700;line-height:1;text-transform:uppercase\">Die Brille macht den Unterschied<\/p>\n<\/div>\n\n\n\n<div class=\" colspan-xl-12 colspan-lg-12 colspan-md-12 colspan-sm-12 wp-block-column is-layout-flow wp-block-column-is-layout-flow \" style=\"flex-basis:25%\">\n<p>Wir garantieren optimales Sehen bei allen von uns vermessenen und gefertigten Brillen<\/p>\n<\/div>\n\n\n\n<div class=\" colspan-xl-12 colspan-lg-12 colspan-md-12 colspan-sm-12 wp-block-column is-layout-flow wp-block-column-is-layout-flow \" style=\"flex-basis:25%\">\n<div class=\"wp-block-buttons is-layout-flex wp-block-buttons-is-layout-flex\">\n<div class=\"wp-block-button\" style=\"font-style:normal;font-weight:700\"><a class=\"wp-block-button__link has-primarydunkel-color has-secondary-background-color has-text-color has-background has-link-color wp-element-button\">Lernen Sie uns kennen<\/a><\/div>\n<\/div>\n<\/div>\n<\/div>\n<\/div>\n<\/div><\/div>\n<\/div>\n\n\n\n<div class=\"wp-block-group alignfull em-slide is-layout-flow wp-block-group-is-layout-flow\">\n<div class=\"wp-block-cover has-custom-content-position is-position-bottom-center has-neutralhell-color has-text-color has-link-color wp-elements-4935636d731e930abca6e8ae4667d4f8\" style=\"padding-top:var(--wp--preset--spacing--60);padding-right:var(--wp--preset--spacing--40);padding-bottom:var(--wp--preset--spacing--60);padding-left:var(--wp--preset--spacing--40)\"><span aria-hidden=\"true\" class=\"wp-block-cover__background has-primarydunkel-background-color has-background-dim-20 has-background-dim\"><\/span><img loading=\"lazy\" decoding=\"async\" width=\"1812\" height=\"2560\" class=\"wp-block-cover__image-background wp-image-48\" alt=\"\" src=\"https:\/\/2024.die-brille-trier.de\/wp-content\/uploads\/2024\/05\/die-brille-trier-mitarbeiterfoto-schwarz-weiss-bewerbung-2124x3000-1-scaled-1.jpg\" style=\"object-position:50% 38%\" data-object-fit=\"cover\" data-object-position=\"50% 38%\" srcset=\"https:\/\/2024.die-brille-trier.de\/wp-content\/uploads\/2024\/05\/die-brille-trier-mitarbeiterfoto-schwarz-weiss-bewerbung-2124x3000-1-scaled-1.jpg 1812w, https:\/\/2024.die-brille-trier.de\/wp-content\/uploads\/2024\/05\/die-brille-trier-mitarbeiterfoto-schwarz-weiss-bewerbung-2124x3000-1-scaled-1-212x300.jpg 212w, https:\/\/2024.die-brille-trier.de\/wp-content\/uploads\/2024\/05\/die-brille-trier-mitarbeiterfoto-schwarz-weiss-bewerbung-2124x3000-1-scaled-1-725x1024.jpg 725w, https:\/\/2024.die-brille-trier.de\/wp-content\/uploads\/2024\/05\/die-brille-trier-mitarbeiterfoto-schwarz-weiss-bewerbung-2124x3000-1-scaled-1-768x1085.jpg 768w, https:\/\/2024.die-brille-trier.de\/wp-content\/uploads\/2024\/05\/die-brille-trier-mitarbeiterfoto-schwarz-weiss-bewerbung-2124x3000-1-scaled-1-1087x1536.jpg 1087w, https:\/\/2024.die-brille-trier.de\/wp-content\/uploads\/2024\/05\/die-brille-trier-mitarbeiterfoto-schwarz-weiss-bewerbung-2124x3000-1-scaled-1-1450x2048.jpg 1450w\" sizes=\"auto, (max-width: 1812px) 100vw, 1812px\" \/><div class=\"wp-block-cover__inner-container is-layout-flow wp-block-cover-is-layout-flow\">\n<div class=\"wp-block-group is-layout-constrained wp-block-group-is-layout-constrained\">\n<div class=\"wp-block-columns is-layout-flex wp-container-core-columns-is-layout-28f84493 wp-block-columns-is-layout-flex em-grid\">\n<div class=\" colspan-xl-3 colspan-lg-3 colspan-md-3 colspan-sm-6 wp-block-column is-layout-flow wp-block-column-is-layout-flow \" style=\"flex-basis:25%\">\n<figure class=\"wp-block-image size-large wp-duotone-duotone-fuenf\"><img loading=\"lazy\" decoding=\"async\" width=\"1024\" height=\"84\" src=\"https:\/\/2024.die-brille-trier.de\/wp-content\/uploads\/2024\/05\/logo-horizontal-1024x84.png\" alt=\"\" class=\"wp-image-35\" srcset=\"https:\/\/2024.die-brille-trier.de\/wp-content\/uploads\/2024\/05\/logo-horizontal-1024x84.png 1024w, https:\/\/2024.die-brille-trier.de\/wp-content\/uploads\/2024\/05\/logo-horizontal-300x25.png 300w, https:\/\/2024.die-brille-trier.de\/wp-content\/uploads\/2024\/05\/logo-horizontal-768x63.png 768w, https:\/\/2024.die-brille-trier.de\/wp-content\/uploads\/2024\/05\/logo-horizontal-1536x126.png 1536w, https:\/\/2024.die-brille-trier.de\/wp-content\/uploads\/2024\/05\/logo-horizontal-2048x168.png 2048w\" sizes=\"auto, (max-width: 1024px) 100vw, 1024px\" \/><\/figure>\n<\/div>\n\n\n\n<div class=\" colspan-xl-12 colspan-lg-12 colspan-md-12 colspan-sm-12 wp-block-column is-layout-flow wp-block-column-is-layout-flow \" style=\"flex-basis:25%\">\n<p class=\"has-text-align-left has-x-large-font-size\" style=\"font-style:normal;font-weight:700;line-height:1;text-transform:uppercase\">ERSTKLASSIGE UND PERS\u00d6NLICHE BERATUNG<\/p>\n<\/div>\n\n\n\n<div class=\" colspan-xl-12 colspan-lg-12 colspan-md-12 colspan-sm-12 wp-block-column is-layout-flow wp-block-column-is-layout-flow \" style=\"flex-basis:25%\">\n<p>Unsere kompetenten Mitarbeiter:innen beraten Sie gerne typgerecht bei der Wahl Ihrer Brille. Wir nehmen uns viel Zeit f\u00fcr Ihre pers\u00f6nliche und perfekte Sehl\u00f6sung und versprechen Ihnen absolute Zufriedenheit. Dar\u00fcber hinaus genie\u00dfen Sie bei uns exklusive Garantien und Services.<\/p>\n<\/div>\n\n\n\n<div class=\" colspan-xl-12 colspan-lg-12 colspan-md-12 colspan-sm-12 wp-block-column is-layout-flow wp-block-column-is-layout-flow \" style=\"flex-basis:25%\">\n<div class=\"wp-block-buttons is-layout-flex wp-block-buttons-is-layout-flex\">\n<div class=\"wp-block-button\" style=\"font-style:normal;font-weight:700\"><a class=\"wp-block-button__link has-primarydunkel-color has-secondary-background-color has-text-color has-background has-link-color wp-element-button\">Services<\/a><\/div>\n<\/div>\n<\/div>\n<\/div>\n<\/div>\n<\/div><\/div>\n<\/div>\n<\/div>\n<\/div>\n<\/section>\n\n<section id=\"Sortiment\" class=\"wp-block-group is-layout-constrained wp-block-group-is-layout-constrained\"><\/section>\n\n<section id=\"Kontakt\" class=\"wp-block-group is-layout-constrained wp-block-group-is-layout-constrained\"><\/section>\n\n<section id=\"Auszeichnungen\" class=\"wp-block-group is-layout-constrained wp-block-group-is-layout-constrained\"><\/section>\n\n<section id=\"CTA-Termin\" class=\"wp-block-group is-layout-constrained wp-block-group-is-layout-constrained\"><\/section>\n","protected":false},"excerpt":{"rendered":"","protected":false},"author":2,"featured_media":0,"parent":0,"menu_order":0,"comment_status":"closed","ping_status":"closed","template":"","meta":{"footnotes":""},"class_list":["post-8","page","type-page","status-publish","hentry"],"_links":{"self":[{"href":"https:\/\/2024.die-brille-trier.de\/index.php\/wp-json\/wp\/v2\/pages\/8","targetHints":{"allow":["GET"]}}],"collection":[{"href":"https:\/\/2024.die-brille-trier.de\/index.php\/wp-json\/wp\/v2\/pages"}],"about":[{"href":"https:\/\/2024.die-brille-trier.de\/index.php\/wp-json\/wp\/v2\/types\/page"}],"author":[{"embeddable":true,"href":"https:\/\/2024.die-brille-trier.de\/index.php\/wp-json\/wp\/v2\/users\/2"}],"replies":[{"embeddable":true,"href":"https:\/\/2024.die-brille-trier.de\/index.php\/wp-json\/wp\/v2\/comments?post=8"}],"version-history":[{"count":34,"href":"https:\/\/2024.die-brille-trier.de\/index.php\/wp-json\/wp\/v2\/pages\/8\/revisions"}],"predecessor-version":[{"id":80,"href":"https:\/\/2024.die-brille-trier.de\/index.php\/wp-json\/wp\/v2\/pages\/8\/revisions\/80"}],"wp:attachment":[{"href":"https:\/\/2024.die-brille-trier.de\/index.php\/wp-json\/wp\/v2\/media?parent=8"}],"curies":[{"name":"wp","href":"https:\/\/api.w.org\/{rel}","templated":true}]}}